{"id":78,"date":"2021-10-01T15:31:37","date_gmt":"2021-10-01T15:31:37","guid":{"rendered":"https:\/\/monika.web-work.at\/?page_id=78"},"modified":"2025-11-05T15:47:50","modified_gmt":"2025-11-05T15:47:50","slug":"about","status":"publish","type":"page","link":"https:\/\/leisch-kiesl.com\/en\/vita\/","title":{"rendered":"About"},"content":{"rendered":"<p>[et_pb_section fb_built=&#8220;1&#8243; _builder_version=&#8220;4.16&#8243; _module_preset=&#8220;default&#8220; background_color=&#8220;RGBA(0,0,0,0)&#8220; min_height=&#8220;83vh&#8220; global_colors_info=&#8220;{}&#8220;][et_pb_row _builder_version=&#8220;4.16&#8243; _module_preset=&#8220;default&#8220; global_colors_info=&#8220;{}&#8220;][et_pb_column type=&#8220;4_4&#8243; _builder_version=&#8220;4.16&#8243; _module_preset=&#8220;default&#8220; global_colors_info=&#8220;{}&#8220;][et_pb_text _builder_version=&#8220;4.16&#8243; _module_preset=&#8220;default&#8220; global_colors_info=&#8220;{}&#8220;]<\/p>\n<h1>CV<\/h1>\n<p>[\/et_pb_text][\/et_pb_column][\/et_pb_row][et_pb_row column_structure=&#8220;3_5,2_5&#8243; make_equal=&#8220;on&#8220; _builder_version=&#8220;4.16&#8243; _module_preset=&#8220;default&#8220; global_colors_info=&#8220;{}&#8220;][et_pb_column type=&#8220;3_5&#8243; _builder_version=&#8220;4.16&#8243; _module_preset=&#8220;default&#8220; background_color=&#8220;#F6F6F6&#8243; custom_padding=&#8220;15px|15px|15px|15px|false|false&#8220; custom_css_main_element=&#8220;margin: auto;&#8220; global_colors_info=&#8220;{}&#8220;][et_pb_text _builder_version=&#8220;4.27.4&#8243; _module_preset=&#8220;default&#8220; hover_enabled=&#8220;0&#8243; global_colors_info=&#8220;{}&#8220; sticky_enabled=&#8220;0&#8243;]<\/p>\n<p>Grundschule und Abitur in Linz; Studien der Theologie sowie Kunstgeschichte und Philosophie in Linz, Salzburg, M\u00fcnchen und Basel.<\/p>\n<p>Seit 1996 Professorin f\u00fcr Kunstwissenschaft und \u00c4sthetik an der Fakult\u00e4t f\u00fcr Philosophie und f\u00fcr Kunstwissenschaft der Katholischen Privat-Universit\u00e4t Linz; Lehrauftr\u00e4ge und Gastprofessuren an unterschiedlichen Universit\u00e4ten \u00d6sterreichs, Deutschlands und der Schweiz, Central Eastern Europes (Montenegro, Polen, Rum\u00e4nien, Georgien) sowie der USA (Los Angeles); Konzeption internationaler Tagungen und Workshops, Vortr\u00e4ge und Moderationen in den Bereichen Bildung, Universit\u00e4t und Museum; Kuratierung von Ausstellungen, vielfache Beratungs- und Juryt\u00e4tigkeit; Entwicklung von Projekten an der Schnittstelle von Kunst und Tango Argentino.<\/p>\n<p>2003\u20132013 Stellvertretende Vorsitzende im Universit\u00e4tsrat der Johannes Kepler Universit\u00e4t Linz, 2005\u20132014 Praeses des Instituts f\u00fcr Kunstwissenschaft und Philosophie \u201aad instar facultatis\u2018 (IKP) Linz, 2007\u20132011 Stellvertretende Vorsitzende im Verband \u00f6sterreichischer KunsthistorikerInnen. 2025 Emeritierung.<\/p>\n<p>Seit 2014 regelm\u00e4\u00dfige Forschungsaufenthalte in Basel, Schweiz; seit 2019 zudem in Krakau, Polen.<\/p>\n<p>Links zur <a href=\"https:\/\/leisch-kiesl.com\/wp-content\/uploads\/2025\/10\/Julia-Allerstorfer-Hertel-Laudatio-zur-Emeritierung-von-Monika-Leisch-Kiesl.pdf\" target=\"_blank\" rel=\"noopener\">Laudatio von Julia Allerstofer-Hertel<\/a>, zur zugeh\u00f6rigen <a href=\"\/wp-content\/uploads\/2025\/11\/Emeritierungsfeier-Monika_final.pdf\" target=\"_blank\" rel=\"noopener\">Powerpoint<\/a> anl\u00e4sslich der Emeritierung von Monika Leisch-Kiesl am 25. Juni 2025 an der KU Linz sowie zum <a href=\"https:\/\/ku-linz.at\/universitaet\/aktuelles\/detail\/emeritierungsfeier-monika-leisch-kiesl-kunst-als-ethik-und-aesthetik\" target=\"_blank\" rel=\"noopener\">Bericht der Veranstaltung<\/a>.<br \/><a href=\"https:\/\/leisch-kiesl.com\/emeritierungsfeier-25-juni-2025\/\" target=\"_blank\" rel=\"noopener\">zur Galerie<\/a><\/p>\n<p>[\/et_pb_text][\/et_pb_column][et_pb_column type=&#8220;2_5&#8243; _builder_version=&#8220;4.16&#8243; _module_preset=&#8220;default&#8220; custom_css_main_element=&#8220;margin: auto;&#8220; global_colors_info=&#8220;{}&#8220;][et_pb_image src=&#8220;https:\/\/leisch-kiesl.com\/wp-content\/uploads\/2021\/10\/Albertian-Talk-April-2018_Foto-S.Winder.jpg&#8220; title_text=&#8220;Albertian-Talk-April-2018_Foto-S.Winder&#8220; align=&#8220;center&#8220; _builder_version=&#8220;4.16&#8243; _module_preset=&#8220;default&#8220; custom_margin=&#8220;||0px|||&#8220; custom_padding_tablet=&#8220;15px||||false|false&#8220; custom_padding_phone=&#8220;15px||||false|false&#8220; custom_padding_last_edited=&#8220;on|tablet&#8220; global_colors_info=&#8220;{}&#8220;][\/et_pb_image][et_pb_text _builder_version=&#8220;4.16&#8243; _module_preset=&#8220;default&#8220; global_colors_info=&#8220;{}&#8220;]<\/p>\n<div class=\"fusion-fullwidth fullwidth-box fusion-builder-row-1 ml-3 nonhundred-percent-fullwidth non-hundred-percent-height-scrolling\">\n<div class=\"fusion-builder-row fusion-row\">\n<div class=\"fusion-layout-column fusion_builder_column fusion-builder-column-2 fusion_builder_column_1_3 1_3 fusion-one-third fusion-column-last\">\n<div class=\"fusion-column-wrapper fusion-flex-column-wrapper-legacy\">\n<div class=\"fusion-content-boxes content-boxes columns row fusion-columns-1 fusion-columns-total-1 fusion-content-boxes-1 content-boxes-icon-on-top content-left\" data-animationoffset=\"100%\">\n<div class=\"fusion-column content-box-column content-box-column content-box-column-1 col-lg-12 col-md-12 col-sm-12 fusion-content-box-hover content-box-column-last content-box-column-last-in-row\">\n<div class=\"col content-box-wrapper content-wrapper link-area-link-icon icon-hover-animation-fade\" data-animationoffset=\"100%\">\n<div class=\"content-container\">\n<p style=\"text-align: center;\"><em>Albertina Talk, April 2018\u00a0<\/em><em>(Foto: S.Winder)<\/em><\/p>\n<\/div>\n<\/div>\n<\/div>\n<div class=\"fusion-clearfix\"><\/div>\n<\/div>\n<div class=\"fusion-clearfix\"><\/div>\n<\/div>\n<\/div>\n<\/div>\n<\/div>\n<div class=\"fusion-fullwidth fullwidth-box fusion-builder-row-2 ml-3 nonhundred-percent-fullwidth non-hundred-percent-height-scrolling\">\n<div class=\"fusion-builder-row fusion-row\">\n<div class=\"fusion-layout-column fusion_builder_column fusion-builder-column-3 fusion_builder_column_1_1 1_1 fusion-one-full fusion-column-first fusion-column-last\">\n<div class=\"fusion-column-wrapper fusion-flex-column-wrapper-legacy\">\n<div class=\"fusion-column-content-centered\">\n<div class=\"fusion-column-content\">\n<div class=\"fusion-title title fusion-title-2 fusion-title-text fusion-title-size-one\"><\/div>\n<\/div>\n<\/div>\n<\/div>\n<\/div>\n<\/div>\n<\/div>\n<p>[\/et_pb_text][\/et_pb_column][\/et_pb_row][et_pb_row _builder_version=&#8220;4.16&#8243; _module_preset=&#8220;default&#8220; global_colors_info=&#8220;{}&#8220;][et_pb_column type=&#8220;4_4&#8243; _builder_version=&#8220;4.16&#8243; _module_preset=&#8220;default&#8220; global_colors_info=&#8220;{}&#8220;][et_pb_text _builder_version=&#8220;4.16&#8243; _module_preset=&#8220;default&#8220; global_colors_info=&#8220;{}&#8220;]<\/p>\n<h1>Kontakt<\/h1>\n<p>[\/et_pb_text][\/et_pb_column][\/et_pb_row][et_pb_row column_structure=&#8220;3_5,2_5&#8243; make_equal=&#8220;on&#8220; _builder_version=&#8220;4.16&#8243; _module_preset=&#8220;default&#8220; global_colors_info=&#8220;{}&#8220;][et_pb_column type=&#8220;3_5&#8243; _builder_version=&#8220;4.16&#8243; _module_preset=&#8220;default&#8220; background_color=&#8220;#F6F6F6&#8243; custom_padding=&#8220;15px|15px|15px|15px|false|false&#8220; custom_css_main_element=&#8220;margin: auto;&#8220; global_colors_info=&#8220;{}&#8220;][et_pb_text _builder_version=&#8220;4.16&#8243; _module_preset=&#8220;default&#8220; global_colors_info=&#8220;{}&#8220;]<\/p>\n<div class=\"fusion-text fusion-text-2\">\n<p>Monika Leisch-Kiesl<br \/><a href=\"mailto:office@leisch-kiesl.com\" target=\"_blank\" rel=\"noopener\"><span lang=\"de-AT\">office@leisch-kiesl.com<\/span><\/a><\/p>\n<p><a href=\"https:\/\/snowcrack.academia.edu\/MonikaLeischKiesl\" target=\"_blank\" rel=\"noopener\">Academia.edu<\/a><\/p>\n<\/div>\n<div class=\"fusion-social-links\">\n<div class=\"fusion-social-networks\">\n<div class=\"fusion-social-networks-wrapper\"><\/div>\n<\/div>\n<\/div>\n<p>[\/et_pb_text][\/et_pb_column][et_pb_column type=&#8220;2_5&#8243; _builder_version=&#8220;4.16&#8243; _module_preset=&#8220;default&#8220; custom_css_main_element=&#8220;margin: auto;&#8220; global_colors_info=&#8220;{}&#8220;][\/et_pb_column][\/et_pb_row][\/et_pb_section]<\/p>\n","protected":false},"excerpt":{"rendered":"<p>CVGrundschule und Abitur in Linz; Studien der Theologie sowie Kunstgeschichte und Philosophie in Linz, Salzburg, M\u00fcnchen und Basel. Seit 1996 Professorin f\u00fcr Kunstwissenschaft und \u00c4sthetik an der Fakult\u00e4t f\u00fcr Philosophie und f\u00fcr Kunstwissenschaft der Katholischen Privat-Universit\u00e4t Linz; Lehrauftr\u00e4ge und Gastprofessuren an unterschiedlichen Universit\u00e4ten \u00d6sterreichs, Deutschlands und der Schweiz, Central Eastern Europes (Montenegro, Polen, Rum\u00e4nien, Georgien) [&hellip;]<\/p>\n","protected":false},"author":1,"featured_media":309,"parent":0,"menu_order":12,"comment_status":"closed","ping_status":"closed","template":"","meta":{"_et_pb_use_builder":"on","_et_pb_old_content":"","_et_gb_content_width":"","footnotes":""},"dipi_cpt_category":[],"class_list":["post-78","page","type-page","status-publish","has-post-thumbnail","hentry"],"yoast_head":"<!-- This site is optimized with the Yoast SEO plugin v27.5 - https:\/\/yoast.com\/product\/yoast-seo-wordpress\/ -->\n<title>Vita - Monika Leisch-Kiesl<\/title>\n<meta name=\"description\" content=\"Seit 1996 Professorin f\u00fcr Kunstwissenschaft und \u00c4sthetik an der Fakult\u00e4t f\u00fcr Philosophie und f\u00fcr Kunstwissenschaft der Katholischen Privat-Universit\u00e4t Linz;\" \/>\n<meta name=\"robots\" content=\"index, follow, max-snippet:-1, max-image-preview:large, max-video-preview:-1\" \/>\n<link rel=\"canonical\" href=\"https:\/\/leisch-kiesl.com\/en\/about\/\" \/>\n<meta property=\"og:locale\" content=\"en_GB\" \/>\n<meta property=\"og:type\" content=\"article\" \/>\n<meta property=\"og:title\" content=\"Vita - Monika Leisch-Kiesl\" \/>\n<meta property=\"og:description\" content=\"Seit 1996 Professorin f\u00fcr Kunstwissenschaft und \u00c4sthetik an der Fakult\u00e4t f\u00fcr Philosophie und f\u00fcr Kunstwissenschaft der Katholischen Privat-Universit\u00e4t Linz;\" \/>\n<meta property=\"og:url\" content=\"https:\/\/leisch-kiesl.com\/en\/about\/\" \/>\n<meta property=\"og:site_name\" content=\"Monika Leisch-Kiesl\" \/>\n<meta property=\"article:modified_time\" content=\"2025-11-05T15:47:50+00:00\" \/>\n<meta property=\"og:image\" content=\"https:\/\/leisch-kiesl.com\/wp-content\/uploads\/2021\/10\/Albertina-Talk-02_Foto-S.Winder.jpg\" \/>\n\t<meta property=\"og:image:width\" content=\"709\" \/>\n\t<meta property=\"og:image:height\" content=\"478\" \/>\n\t<meta property=\"og:image:type\" content=\"image\/jpeg\" \/>\n<meta name=\"twitter:card\" content=\"summary_large_image\" \/>\n<meta name=\"twitter:label1\" content=\"Estimated reading time\" \/>\n\t<meta name=\"twitter:data1\" content=\"3 minutes\" \/>\n<script type=\"application\/ld+json\" class=\"yoast-schema-graph\">{\"@context\":\"https:\\\/\\\/schema.org\",\"@graph\":[{\"@type\":\"WebPage\",\"@id\":\"https:\\\/\\\/leisch-kiesl.com\\\/vita\\\/\",\"url\":\"https:\\\/\\\/leisch-kiesl.com\\\/vita\\\/\",\"name\":\"Vita - Monika Leisch-Kiesl\",\"isPartOf\":{\"@id\":\"https:\\\/\\\/leisch-kiesl.com\\\/#website\"},\"primaryImageOfPage\":{\"@id\":\"https:\\\/\\\/leisch-kiesl.com\\\/vita\\\/#primaryimage\"},\"image\":{\"@id\":\"https:\\\/\\\/leisch-kiesl.com\\\/vita\\\/#primaryimage\"},\"thumbnailUrl\":\"https:\\\/\\\/leisch-kiesl.com\\\/wp-content\\\/uploads\\\/2021\\\/10\\\/Albertina-Talk-02_Foto-S.Winder.jpg\",\"datePublished\":\"2021-10-01T15:31:37+00:00\",\"dateModified\":\"2025-11-05T15:47:50+00:00\",\"description\":\"Seit 1996 Professorin f\u00fcr Kunstwissenschaft und \u00c4sthetik an der Fakult\u00e4t f\u00fcr Philosophie und f\u00fcr Kunstwissenschaft der Katholischen Privat-Universit\u00e4t Linz;\",\"breadcrumb\":{\"@id\":\"https:\\\/\\\/leisch-kiesl.com\\\/vita\\\/#breadcrumb\"},\"inLanguage\":\"en-GB\",\"potentialAction\":[{\"@type\":\"ReadAction\",\"target\":[\"https:\\\/\\\/leisch-kiesl.com\\\/vita\\\/\"]}]},{\"@type\":\"ImageObject\",\"inLanguage\":\"en-GB\",\"@id\":\"https:\\\/\\\/leisch-kiesl.com\\\/vita\\\/#primaryimage\",\"url\":\"https:\\\/\\\/leisch-kiesl.com\\\/wp-content\\\/uploads\\\/2021\\\/10\\\/Albertina-Talk-02_Foto-S.Winder.jpg\",\"contentUrl\":\"https:\\\/\\\/leisch-kiesl.com\\\/wp-content\\\/uploads\\\/2021\\\/10\\\/Albertina-Talk-02_Foto-S.Winder.jpg\",\"width\":709,\"height\":478,\"caption\":\"Monika Leisch-Kiesl. Photo: S. Winder\"},{\"@type\":\"BreadcrumbList\",\"@id\":\"https:\\\/\\\/leisch-kiesl.com\\\/vita\\\/#breadcrumb\",\"itemListElement\":[{\"@type\":\"ListItem\",\"position\":1,\"name\":\"Startseite\",\"item\":\"https:\\\/\\\/leisch-kiesl.com\\\/\"},{\"@type\":\"ListItem\",\"position\":2,\"name\":\"Vita\"}]},{\"@type\":\"WebSite\",\"@id\":\"https:\\\/\\\/leisch-kiesl.com\\\/#website\",\"url\":\"https:\\\/\\\/leisch-kiesl.com\\\/\",\"name\":\"Monika Leisch-Kiesl\",\"description\":\"\",\"potentialAction\":[{\"@type\":\"SearchAction\",\"target\":{\"@type\":\"EntryPoint\",\"urlTemplate\":\"https:\\\/\\\/leisch-kiesl.com\\\/?s={search_term_string}\"},\"query-input\":{\"@type\":\"PropertyValueSpecification\",\"valueRequired\":true,\"valueName\":\"search_term_string\"}}],\"inLanguage\":\"en-GB\"}]}<\/script>\n<!-- \/ Yoast SEO plugin. -->","yoast_head_json":{"title":"About - Monika Leisch-Kiesl","description":"Seit 1996 Professorin f\u00fcr Kunstwissenschaft und \u00c4sthetik an der Fakult\u00e4t f\u00fcr Philosophie und f\u00fcr Kunstwissenschaft der Katholischen Privat-Universit\u00e4t Linz;","robots":{"index":"index","follow":"follow","max-snippet":"max-snippet:-1","max-image-preview":"max-image-preview:large","max-video-preview":"max-video-preview:-1"},"canonical":"https:\/\/leisch-kiesl.com\/en\/about\/","og_locale":"en_GB","og_type":"article","og_title":"Vita - Monika Leisch-Kiesl","og_description":"Seit 1996 Professorin f\u00fcr Kunstwissenschaft und \u00c4sthetik an der Fakult\u00e4t f\u00fcr Philosophie und f\u00fcr Kunstwissenschaft der Katholischen Privat-Universit\u00e4t Linz;","og_url":"https:\/\/leisch-kiesl.com\/en\/about\/","og_site_name":"Monika Leisch-Kiesl","article_modified_time":"2025-11-05T15:47:50+00:00","og_image":[{"width":709,"height":478,"url":"https:\/\/leisch-kiesl.com\/wp-content\/uploads\/2021\/10\/Albertina-Talk-02_Foto-S.Winder.jpg","type":"image\/jpeg"}],"twitter_card":"summary_large_image","twitter_misc":{"Estimated reading time":"3 minutes"},"schema":{"@context":"https:\/\/schema.org","@graph":[{"@type":"WebPage","@id":"https:\/\/leisch-kiesl.com\/vita\/","url":"https:\/\/leisch-kiesl.com\/vita\/","name":"About - Monika Leisch-Kiesl","isPartOf":{"@id":"https:\/\/leisch-kiesl.com\/#website"},"primaryImageOfPage":{"@id":"https:\/\/leisch-kiesl.com\/vita\/#primaryimage"},"image":{"@id":"https:\/\/leisch-kiesl.com\/vita\/#primaryimage"},"thumbnailUrl":"https:\/\/leisch-kiesl.com\/wp-content\/uploads\/2021\/10\/Albertina-Talk-02_Foto-S.Winder.jpg","datePublished":"2021-10-01T15:31:37+00:00","dateModified":"2025-11-05T15:47:50+00:00","description":"Seit 1996 Professorin f\u00fcr Kunstwissenschaft und \u00c4sthetik an der Fakult\u00e4t f\u00fcr Philosophie und f\u00fcr Kunstwissenschaft der Katholischen Privat-Universit\u00e4t Linz;","breadcrumb":{"@id":"https:\/\/leisch-kiesl.com\/vita\/#breadcrumb"},"inLanguage":"en-GB","potentialAction":[{"@type":"ReadAction","target":["https:\/\/leisch-kiesl.com\/vita\/"]}]},{"@type":"ImageObject","inLanguage":"en-GB","@id":"https:\/\/leisch-kiesl.com\/vita\/#primaryimage","url":"https:\/\/leisch-kiesl.com\/wp-content\/uploads\/2021\/10\/Albertina-Talk-02_Foto-S.Winder.jpg","contentUrl":"https:\/\/leisch-kiesl.com\/wp-content\/uploads\/2021\/10\/Albertina-Talk-02_Foto-S.Winder.jpg","width":709,"height":478,"caption":"Monika Leisch-Kiesl. Photo: S. Winder"},{"@type":"BreadcrumbList","@id":"https:\/\/leisch-kiesl.com\/vita\/#breadcrumb","itemListElement":[{"@type":"ListItem","position":1,"name":"Startseite","item":"https:\/\/leisch-kiesl.com\/"},{"@type":"ListItem","position":2,"name":"Vita"}]},{"@type":"WebSite","@id":"https:\/\/leisch-kiesl.com\/#website","url":"https:\/\/leisch-kiesl.com\/","name":"Monika Leisch-Kiesl","description":"","potentialAction":[{"@type":"SearchAction","target":{"@type":"EntryPoint","urlTemplate":"https:\/\/leisch-kiesl.com\/?s={search_term_string}"},"query-input":{"@type":"PropertyValueSpecification","valueRequired":true,"valueName":"search_term_string"}}],"inLanguage":"en-GB"}]}},"_links":{"self":[{"href":"https:\/\/leisch-kiesl.com\/en\/wp-json\/wp\/v2\/pages\/78","targetHints":{"allow":["GET"]}}],"collection":[{"href":"https:\/\/leisch-kiesl.com\/en\/wp-json\/wp\/v2\/pages"}],"about":[{"href":"https:\/\/leisch-kiesl.com\/en\/wp-json\/wp\/v2\/types\/page"}],"author":[{"embeddable":true,"href":"https:\/\/leisch-kiesl.com\/en\/wp-json\/wp\/v2\/users\/1"}],"replies":[{"embeddable":true,"href":"https:\/\/leisch-kiesl.com\/en\/wp-json\/wp\/v2\/comments?post=78"}],"version-history":[{"count":12,"href":"https:\/\/leisch-kiesl.com\/en\/wp-json\/wp\/v2\/pages\/78\/revisions"}],"predecessor-version":[{"id":1952,"href":"https:\/\/leisch-kiesl.com\/en\/wp-json\/wp\/v2\/pages\/78\/revisions\/1952"}],"wp:featuredmedia":[{"embeddable":true,"href":"https:\/\/leisch-kiesl.com\/en\/wp-json\/wp\/v2\/media\/309"}],"wp:attachment":[{"href":"https:\/\/leisch-kiesl.com\/en\/wp-json\/wp\/v2\/media?parent=78"}],"wp:term":[{"taxonomy":"dipi_cpt_category","embeddable":true,"href":"https:\/\/leisch-kiesl.com\/en\/wp-json\/wp\/v2\/dipi_cpt_category?post=78"}],"curies":[{"name":"wp","href":"https:\/\/api.w.org\/{rel}","templated":true}]}}